{"id":951,"date":"2026-09-04T17:26:07","date_gmt":"2026-09-04T15:26:07","guid":{"rendered":"https:\/\/chateaudeseix.fr\/?page_id=951"},"modified":"2026-09-04T17:33:34","modified_gmt":"2026-09-04T15:33:34","slug":"emilie-dumas","status":"publish","type":"page","link":"https:\/\/chateaudeseix.fr\/?page_id=951","title":{"rendered":"Emilie Dumas"},"content":{"rendered":"\t\t<div data-elementor-type=\"wp-page\" data-elementor-id=\"951\" class=\"elementor elementor-951\">\n\t\t\t\t\t\t<section class=\"elementor-section elementor-top-section elementor-element elementor-element-fd469a9 elementor-section-boxed elementor-section-height-default elementor-section-height-default\" data-id=\"fd469a9\" data-element_type=\"section\">\n\t\t\t\t\t\t<div class=\"elementor-container elementor-column-gap-default\">\n\t\t\t\t\t<div class=\"elementor-column elementor-col-100 elementor-top-column elementor-element elementor-element-17a7a5c\" data-id=\"17a7a5c\" data-element_type=\"column\">\n\t\t\t<div class=\"elementor-widget-wrap elementor-element-populated\">\n\t\t\t\t\t\t<div class=\"elementor-element elementor-element-3414da3 elementor-widget elementor-widget-heading\" data-id=\"3414da3\" data-element_type=\"widget\" data-widget_type=\"heading.default\">\n\t\t\t\t<div class=\"elementor-widget-container\">\n\t\t\t<h2 class=\"elementor-heading-title elementor-size-default\"><h1>Emilie Dumas<\/h1><h2>du 20 juin au 31 ao\u00fbt<\/h2><\/h2>\t\t<\/div>\n\t\t\t\t<\/div>\n\t\t\t\t<section class=\"elementor-section elementor-inner-section elementor-element elementor-element-3d9626f elementor-section-boxed elementor-section-height-default elementor-section-height-default\" data-id=\"3d9626f\" data-element_type=\"section\">\n\t\t\t\t\t\t<div class=\"elementor-container elementor-column-gap-default\">\n\t\t\t\t\t<div class=\"elementor-column elementor-col-50 elementor-inner-column elementor-element elementor-element-fc3ee54\" data-id=\"fc3ee54\" data-element_type=\"column\">\n\t\t\t<div class=\"elementor-widget-wrap elementor-element-populated\">\n\t\t\t\t\t\t<div class=\"elementor-element elementor-element-64e388d elementor-widget elementor-widget-text-editor\" data-id=\"64e388d\" data-element_type=\"widget\" data-widget_type=\"text-editor.default\">\n\t\t\t\t<div class=\"elementor-widget-container\">\n\t\t\t\t\t\t\t<div>La peinture d\u2019\u00c9milie Dumas s\u2019inscrit dans un temps suspendu, o\u00f9 chaque sc\u00e8ne semble fig\u00e9e dans une attente silencieuse. Ses \u0153uvres d\u00e9ploient des ambiances calmes et contemplatives, faites d\u2019espaces vides, de lumi\u00e8res intenses et de pr\u00e9sences discr\u00e8tes.<\/div>\n<div>\n<p>La composition est centrale dans son travail, fortement structur\u00e9e par les lignes, points de fuite et la g\u00e9om\u00e9trie de fa\u00e7on g\u00e9n\u00e9rale. H\u00e9rit\u00e9es de sa formation en restauration d\u2019\u0153uvres d\u2019art, elles organisent des espaces o\u00f9 la perspective, parfois l\u00e9g\u00e8rement bancale, introduit un l\u00e9ger trouble.<\/p>\n<p>Un pan essentiel du travail d\u2019Emilie Dumas est la collaboration tr\u00e8s \u00e9troite qu\u2019elle entretient avec l\u2019\u00e9crivain Eric Meuni\u00e9 depuis plus de vingt ans. Puisant volontiers dans les photographies r\u00e9alis\u00e9es par son ami, dont les cadrages et l\u2019atmosph\u00e8re l\u2019inspirent fortement, Emilie transforme patiemment le r\u00e9el en exp\u00e9rience sensible. De cette complicit\u00e9 d\u00e9coule un travail besogneux, o\u00f9 la rigueur formelle se conjugue \u00e0 un \u00e9tat m\u00e9ditatif.<\/p>\n<p>Sa peinture repose sur une alternance marqu\u00e9e entre de grandes plages d\u2019aplats, presque minimalistes, et des zones plus denses, comme des \u00ab tableaux dans le tableau \u00bb, o\u00f9 se concentrent une multitude de fins d\u00e9tails. Cette construction cr\u00e9e un rythme visuel singulier, proche du langage cin\u00e9matographique : cadrages pr\u00e9cis, jeux d\u2019\u00e9chelle, focalisations successives, comme autant de plans qui guident le regard et construisent une narration implicite.<\/p>\n<\/div>\n<p>\u00a0<\/p>\t\t\t\t\t\t<\/div>\n\t\t\t\t<\/div>\n\t\t\t\t\t<\/div>\n\t\t<\/div>\n\t\t\t\t<div class=\"elementor-column elementor-col-50 elementor-inner-column elementor-element elementor-element-1e81bf6\" data-id=\"1e81bf6\" data-element_type=\"column\">\n\t\t\t<div class=\"elementor-widget-wrap elementor-element-populated\">\n\t\t\t\t\t\t<div class=\"elementor-element elementor-element-ce8b08f elementor-widget elementor-widget-image\" data-id=\"ce8b08f\" data-element_type=\"widget\" data-widget_type=\"image.default\">\n\t\t\t\t<div class=\"elementor-widget-container\">\n\t\t\t\t\t\t\t\t\t\t\t\t\t<img fetchpriority=\"high\" decoding=\"async\" width=\"1024\" height=\"833\" src=\"https:\/\/chateaudeseix.fr\/wp-content\/uploads\/2026\/06\/Terrain-vague-universitaire-de-E-Dumas-bis-\u00a9-P-Marchesan-1024x833.jpg\" class=\"attachment-large size-large wp-image-878\" alt=\"\" srcset=\"https:\/\/chateaudeseix.fr\/wp-content\/uploads\/2026\/06\/Terrain-vague-universitaire-de-E-Dumas-bis-\u00a9-P-Marchesan-1024x833.jpg 1024w, https:\/\/chateaudeseix.fr\/wp-content\/uploads\/2026\/06\/Terrain-vague-universitaire-de-E-Dumas-bis-\u00a9-P-Marchesan-300x244.jpg 300w, https:\/\/chateaudeseix.fr\/wp-content\/uploads\/2026\/06\/Terrain-vague-universitaire-de-E-Dumas-bis-\u00a9-P-Marchesan-768x625.jpg 768w, https:\/\/chateaudeseix.fr\/wp-content\/uploads\/2026\/06\/Terrain-vague-universitaire-de-E-Dumas-bis-\u00a9-P-Marchesan.jpg 1036w\" sizes=\"(max-width: 1024px) 100vw, 1024px\" \/>\t\t\t\t\t\t\t\t\t\t\t\t\t<\/div>\n\t\t\t\t<\/div>\n\t\t\t\t\t<\/div>\n\t\t<\/div>\n\t\t\t\t\t<\/div>\n\t\t<\/section>\n\t\t\t\t\t<\/div>\n\t\t<\/div>\n\t\t\t\t\t<\/div>\n\t\t<\/section>\n\t\t\t\t<\/div>\n\t\t","protected":false},"excerpt":{"rendered":"<p>Emilie Dumas du 20 juin au 31 ao\u00fbt La peinture d\u2019\u00c9milie Dumas s\u2019inscrit dans un temps suspendu, o\u00f9 chaque sc\u00e8ne semble fig\u00e9e dans une attente silencieuse. Ses \u0153uvres d\u00e9ploient des ambiances calmes et contemplatives, faites d\u2019espaces vides, de lumi\u00e8res intenses et de pr\u00e9sences discr\u00e8tes. La composition est centrale dans son travail, fortement structur\u00e9e par les [&hellip;]<\/p>\n","protected":false},"author":1,"featured_media":0,"parent":0,"menu_order":0,"comment_status":"closed","ping_status":"closed","template":"","meta":{"ocean_post_layout":"","ocean_both_sidebars_style":"","ocean_both_sidebars_content_width":0,"ocean_both_sidebars_sidebars_width":0,"ocean_sidebar":"","ocean_second_sidebar":"","ocean_disable_margins":"enable","ocean_add_body_class":"","ocean_shortcode_before_top_bar":"","ocean_shortcode_after_top_bar":"","ocean_shortcode_before_header":"","ocean_shortcode_after_header":"","ocean_has_shortcode":"","ocean_shortcode_after_title":"","ocean_shortcode_before_footer_widgets":"","ocean_shortcode_after_footer_widgets":"","ocean_shortcode_before_footer_bottom":"","ocean_shortcode_after_footer_bottom":"","ocean_display_top_bar":"default","ocean_display_header":"default","ocean_header_style":"","ocean_center_header_left_menu":"","ocean_custom_header_template":"","ocean_custom_logo":0,"ocean_custom_retina_logo":0,"ocean_custom_logo_max_width":0,"ocean_custom_logo_tablet_max_width":0,"ocean_custom_logo_mobile_max_width":0,"ocean_custom_logo_max_height":0,"ocean_custom_logo_tablet_max_height":0,"ocean_custom_logo_mobile_max_height":0,"ocean_header_custom_menu":"","ocean_menu_typo_font_family":"","ocean_menu_typo_font_subset":"","ocean_menu_typo_font_size":0,"ocean_menu_typo_font_size_tablet":0,"ocean_menu_typo_font_size_mobile":0,"ocean_menu_typo_font_size_unit":"px","ocean_menu_typo_font_weight":"","ocean_menu_typo_font_weight_tablet":"","ocean_menu_typo_font_weight_mobile":"","ocean_menu_typo_transform":"","ocean_menu_typo_transform_tablet":"","ocean_menu_typo_transform_mobile":"","ocean_menu_typo_line_height":0,"ocean_menu_typo_line_height_tablet":0,"ocean_menu_typo_line_height_mobile":0,"ocean_menu_typo_line_height_unit":"","ocean_menu_typo_spacing":0,"ocean_menu_typo_spacing_tablet":0,"ocean_menu_typo_spacing_mobile":0,"ocean_menu_typo_spacing_unit":"","ocean_menu_link_color":"","ocean_menu_link_color_hover":"","ocean_menu_link_color_active":"","ocean_menu_link_background":"","ocean_menu_link_hover_background":"","ocean_menu_link_active_background":"","ocean_menu_social_links_bg":"","ocean_menu_social_hover_links_bg":"","ocean_menu_social_links_color":"","ocean_menu_social_hover_links_color":"","ocean_disable_title":"default","ocean_disable_heading":"default","ocean_post_title":"","ocean_post_subheading":"","ocean_post_title_style":"","ocean_post_title_background_color":"","ocean_post_title_background":0,"ocean_post_title_bg_image_position":"","ocean_post_title_bg_image_attachment":"","ocean_post_title_bg_image_repeat":"","ocean_post_title_bg_image_size":"","ocean_post_title_height":0,"ocean_post_title_bg_overlay":0.5,"ocean_post_title_bg_overlay_color":"","ocean_disable_breadcrumbs":"default","ocean_breadcrumbs_color":"","ocean_breadcrumbs_separator_color":"","ocean_breadcrumbs_links_color":"","ocean_breadcrumbs_links_hover_color":"","ocean_display_footer_widgets":"default","ocean_display_footer_bottom":"default","ocean_custom_footer_template":"","footnotes":""},"class_list":["post-951","page","type-page","status-publish","hentry","entry"],"_links":{"self":[{"href":"https:\/\/chateaudeseix.fr\/index.php?rest_route=\/wp\/v2\/pages\/951","targetHints":{"allow":["GET"]}}],"collection":[{"href":"https:\/\/chateaudeseix.fr\/index.php?rest_route=\/wp\/v2\/pages"}],"about":[{"href":"https:\/\/chateaudeseix.fr\/index.php?rest_route=\/wp\/v2\/types\/page"}],"author":[{"embeddable":true,"href":"https:\/\/chateaudeseix.fr\/index.php?rest_route=\/wp\/v2\/users\/1"}],"replies":[{"embeddable":true,"href":"https:\/\/chateaudeseix.fr\/index.php?rest_route=%2Fwp%2Fv2%2Fcomments&post=951"}],"version-history":[{"count":10,"href":"https:\/\/chateaudeseix.fr\/index.php?rest_route=\/wp\/v2\/pages\/951\/revisions"}],"predecessor-version":[{"id":962,"href":"https:\/\/chateaudeseix.fr\/index.php?rest_route=\/wp\/v2\/pages\/951\/revisions\/962"}],"wp:attachment":[{"href":"https:\/\/chateaudeseix.fr\/index.php?rest_route=%2Fwp%2Fv2%2Fmedia&parent=951"}],"curies":[{"name":"wp","href":"https:\/\/api.w.org\/{rel}","templated":true}]}}